{"id":6743,"date":"2022-12-17T14:42:30","date_gmt":"2022-12-17T14:42:30","guid":{"rendered":"https:\/\/finetravelalbania.com\/major-cities-and-attractions\/"},"modified":"2023-02-19T23:46:47","modified_gmt":"2023-02-19T23:46:47","slug":"citta-ed-attrazioni-principali-in-albania","status":"publish","type":"page","link":"https:\/\/finetravelalbania.com\/it\/citta-ed-attrazioni-principali-in-albania\/","title":{"rendered":"Citt\u00e0 ed attrazioni principali in Albania"},"content":{"rendered":"\t\t<div data-elementor-type=\"wp-page\" data-elementor-id=\"6743\" class=\"elementor elementor-6743 elementor-6318\">\n\t\t\t\t\t\t<section class=\"elementor-section elementor-top-section elementor-element elementor-element-1a3946d elementor-section-boxed elementor-section-height-default elementor-section-height-default\" data-id=\"1a3946d\" data-element_type=\"section\">\n\t\t\t\t\t\t<div class=\"elementor-container elementor-column-gap-default\">\n\t\t\t\t\t<div class=\"elementor-column elementor-col-100 elementor-top-column elementor-element elementor-element-c48853a\" data-id=\"c48853a\" data-element_type=\"column\">\n\t\t\t<div class=\"elementor-widget-wrap elementor-element-populated\">\n\t\t\t\t\t\t<section class=\"elementor-section elementor-inner-section elementor-element elementor-element-2312661 elementor-section-boxed elementor-section-height-default elementor-section-height-default\" data-id=\"2312661\" data-element_type=\"section\">\n\t\t\t\t\t\t<div class=\"elementor-container elementor-column-gap-default\">\n\t\t\t\t\t<div class=\"elementor-column elementor-col-50 elementor-inner-column elementor-element elementor-element-20637c1\" data-id=\"20637c1\" data-element_type=\"column\">\n\t\t\t<div class=\"elementor-widget-wrap elementor-element-populated\">\n\t\t\t\t\t\t<div class=\"elementor-element elementor-element-d63434e elementor-invisible elementor-widget elementor-widget-icon-box\" data-id=\"d63434e\" data-element_type=\"widget\" data-settings=\"{&quot;_animation&quot;:&quot;fadeInRight&quot;,&quot;_animation_tablet&quot;:&quot;none&quot;,&quot;_animation_delay&quot;:100}\" data-widget_type=\"icon-box.default\">\n\t\t\t\t<div class=\"elementor-widget-container\">\n\t\t\t\t\t\t\t<div class=\"elementor-icon-box-wrapper\">\n\n\t\t\t\n\t\t\t\t\t\t<div class=\"elementor-icon-box-content\">\n\n\t\t\t\t\t\t\t\t\t<h3 class=\"elementor-icon-box-title\">\n\t\t\t\t\t\t<span  >\n\t\t\t\t\t\t\tTIRANA \u2013 la capitale\t\t\t\t\t\t<\/span>\n\t\t\t\t\t<\/h3>\n\t\t\t\t\n\t\t\t\t\t\t\t\t\t<p class=\"elementor-icon-box-description\">\n\t\t\t\t\t\tTirana fu proclamata capitale dell&#039;Albania relativamente tardi, nel 1920. Il suo inizio come citt\u00e0\nrisale al 1614 quando un nobile locale Sulejman Bargjini, costru\u00ec alcune semplici infrastrutture\nciviche come una moschea e un hammam pubblico. Tuttavia, le scoperte di fortificazioni nella\nzona centrale della citt\u00e0 e una Villa romana con mosaici del 3 \u00b0 secolo DC, sono una chiara\ntestimonianza degli inizi molto precedenti di Tirana. La citt\u00e0 ha iniziato la sua crescita all&#039;inizio\ndel 18 \u00b0 secolo quando la popolazione da altre aree convergese a Tirana a causa della sua\nposizione centrale. Oggi con quasi 1\/3 della popolazione del paese, Tirana non \u00e8 solo la citt\u00e0 pi\u00f9\npopolata dell&#039;Albania, ma anche il cuore politico ed economico del paese. Il Mare Adriatico e il\nmonte Dajti sono molto vicini, dando a questa capitale l&#039;accesso al mare o alla montagna in circa\n45 minuti. Un grande parco con un lago artificiale si trova nella parte sud della citt\u00e0.\t\t\t\t\t<\/p>\n\t\t\t\t\n\t\t\t<\/div>\n\t\t\t\n\t\t<\/div>\n\t\t\t\t\t\t<\/div>\n\t\t\t\t<\/div>\n\t\t\t\t\t<\/div>\n\t\t<\/div>\n\t\t\t\t<div class=\"elementor-column elementor-col-50 elementor-inner-column elementor-element elementor-element-e415eca\" data-id=\"e415eca\" data-element_type=\"column\">\n\t\t\t<div class=\"elementor-widget-wrap elementor-element-populated\">\n\t\t\t\t\t\t<div class=\"elementor-element elementor-element-9db2430 elementor-widget elementor-widget-image\" data-id=\"9db2430\" data-element_type=\"widget\" data-widget_type=\"image.default\">\n\t\t\t\t<div class=\"elementor-widget-container\">\n\t\t\t\t\t\t\t\t\t\t\t\t\t\t\t<img decoding=\"async\" src=\"https:\/\/finetravelalbania.com\/wp-content\/uploads\/elementor\/thumbs\/National-History-Museum-Tirana-11-pxlqi6icdsvzvlsdxmmgppv60cxvs88l8qoj2pd1mk.jpg\" title=\"National History Museum Tirana (11)\" alt=\"tour operator albania\n\nFine Travel Albania dmc - Your Boutique Travel Experts - Albania Destination Management Company - Albania Travel and Tours\n\nFine Travel Albania dmc - Your Boutique Travel Experts - Agenzia di Viaggi in Albania - Albania Viaggi Tour Operator - DMC Albanese - Mice\" loading=\"lazy\" \/>\t\t\t\t\t\t\t\t\t\t\t\t\t\t\t<\/div>\n\t\t\t\t<\/div>\n\t\t\t\t\t<\/div>\n\t\t<\/div>\n\t\t\t\t\t<\/div>\n\t\t<\/section>\n\t\t\t\t<section class=\"elementor-section elementor-inner-section elementor-element elementor-element-b5a15dd elementor-section-boxed elementor-section-height-default elementor-section-height-default\" data-id=\"b5a15dd\" data-element_type=\"section\">\n\t\t\t\t\t\t<div class=\"elementor-container elementor-column-gap-default\">\n\t\t\t\t\t<div class=\"elementor-column elementor-col-100 elementor-inner-column elementor-element elementor-element-ad9e31d\" data-id=\"ad9e31d\" data-element_type=\"column\">\n\t\t\t<div class=\"elementor-widget-wrap elementor-element-populated\">\n\t\t\t\t\t\t<div class=\"elementor-element elementor-element-4e92d0a elementor-invisible elementor-widget elementor-widget-icon-box\" data-id=\"4e92d0a\" data-element_type=\"widget\" data-settings=\"{&quot;_animation&quot;:&quot;fadeInRight&quot;,&quot;_animation_tablet&quot;:&quot;none&quot;,&quot;_animation_delay&quot;:100}\" data-widget_type=\"icon-box.default\">\n\t\t\t\t<div class=\"elementor-widget-container\">\n\t\t\t\t\t\t\t<div class=\"elementor-icon-box-wrapper\">\n\n\t\t\t\n\t\t\t\t\t\t<div class=\"elementor-icon-box-content\">\n\n\t\t\t\t\t\t\t\t\t<h3 class=\"elementor-icon-box-title\">\n\t\t\t\t\t\t<span  >\n\t\t\t\t\t\t\tWhat to visit in Tirana\t\t\t\t\t\t<\/span>\n\t\t\t\t\t<\/h3>\n\t\t\t\t\n\t\t\t\t\t\t\t\t\t<p class=\"elementor-icon-box-description\">\n\t\t\t\t\t\t\n<ul>\n \t<li><strong>La Moschea di Ethem Bey:<\/strong>\nIl simbolo di Tirana si trova appena fuori dalla piazza principale Skanderbeg. Fu costruito\nnel 1789. Insieme alla Torre dell&#039;Orologio (1830) costituiscono un&#039;importante parte\nstorica di Tirana.<\/li>\n \t<li><strong> Stili architettonici del centro di Tirana:<\/strong>\nGli edifici ministeriali, il viale principale, lo stadio, l'edificio universitario sono stati\ncostruiti negli anni '20  e' 30 da architetti italiani e rappresentano lo sviluppo moderno di Tirana come citt\u00e0. Dopo la seconda guerra mondiale diversi edifici sono stati eretti in un'architettura comunista come: il Palazzo della Cultura, il Palazzo dei Congressi, il Museo Storico Nazionale, la Piramide dei Dittatori convertita in Centro giovanile per la cultura e la tecnologia, ecc.<\/li>\n \t<li><strong>Ura Tabakeve \u2013 Ponte di Tabakeve:<\/strong>\nQuesto \u00e8 un ponte in pietra ad arco costruito nel 18 \u00b0 secolo e si trova non lontano dalla piazza principale, lungo il viale \"Zhan Dark\".<\/li>\n \t<li><strong> TLa fortezza di Pertrela: <\/strong>\nSituato a sud di Tirana sul lato destro della strada nazionale che collega la capitale con la citt\u00e0 di Elbasan. \u00c8 stato costruito nel Medioevo. Il castello era sotto il comando della sorella di Scanderbeg, Mamica Kastrioti. Il castello di Petrela controllava la stradagnatia, il ramo Durazzo-Tirane, una parte che per quel tempo aveva una particolare importanza.\nQuesto castello faceva anche parte di un sistema di difesa di segnalazione del fumo per il castello di Kruja.<\/li>\n \t<li><strong>La fortezza di Preza:<\/strong>\nCostruito nel 15 \u00b0 secolo si trova in una collina dominante sui campi sottostanti e\ndirettamente di fronte alla montagna di Kruja, formando l&#039;ultimo punto di segnalazione per i nemici che si avvicinano al castello di Kruja dai campi sottostanti. \u00c8 stato dichiarato &quot;Monumento della Cultura&quot;.<\/li>\n \t<li><strong>La tomba simbolica di Kapllan Pasha:<\/strong>\nFu costruito nel 1814 per onorare Kaplan Pasci\u00e0, che govern\u00f2 Tirana all'inizio del XIX secolo.<\/li>\n \t<li><strong> Musei:<\/strong><br>\no Museo Storico Nazionale<br>\no Museo Archeologico<br>\no Galleria di Belle Arti<br>\no Bunkart 1 &amp; 2 (enormi bunker sotterranei trasformati in musei)<br>\no Casa delle Foglie museo della sorveglianza<\/li>\n<\/ul>\t\t\t\t\t<\/p>\n\t\t\t\t\n\t\t\t<\/div>\n\t\t\t\n\t\t<\/div>\n\t\t\t\t\t\t<\/div>\n\t\t\t\t<\/div>\n\t\t\t\t\t<\/div>\n\t\t<\/div>\n\t\t\t\t\t<\/div>\n\t\t<\/section>\n\t\t\t\t<section class=\"elementor-section elementor-inner-section elementor-element elementor-element-c555e2e elementor-section-boxed elementor-section-height-default elementor-section-height-default\" data-id=\"c555e2e\" data-element_type=\"section\">\n\t\t\t\t\t\t<div class=\"elementor-container elementor-column-gap-default\">\n\t\t\t\t\t<div class=\"elementor-column elementor-col-100 elementor-inner-column elementor-element elementor-element-88e3bee\" data-id=\"88e3bee\" data-element_type=\"column\">\n\t\t\t<div class=\"elementor-widget-wrap elementor-element-populated\">\n\t\t\t\t\t\t<div class=\"elementor-element elementor-element-106618b elementor-invisible elementor-widget elementor-widget-icon-box\" data-id=\"106618b\" data-element_type=\"widget\" data-settings=\"{&quot;_animation&quot;:&quot;fadeInRight&quot;,&quot;_animation_tablet&quot;:&quot;none&quot;,&quot;_animation_delay&quot;:100}\" data-widget_type=\"icon-box.default\">\n\t\t\t\t<div class=\"elementor-widget-container\">\n\t\t\t\t\t\t\t<div class=\"elementor-icon-box-wrapper\">\n\n\t\t\t\n\t\t\t\t\t\t<div class=\"elementor-icon-box-content\">\n\n\t\t\t\t\t\t\t\t\t<h3 class=\"elementor-icon-box-title\">\n\t\t\t\t\t\t<span  >\n\t\t\t\t\t\t\tBERAT\t\t\t\t\t\t<\/span>\n\t\t\t\t\t<\/h3>\n\t\t\t\t\n\t\t\t\t\t\t\t\t\t<p class=\"elementor-icon-box-description\">\n\t\t\t\t\t\tQuesta citt\u00e0 protetta dall&#039;UNESCO \u00e8 una delle citt\u00e0 tradizionali albanesi pi\u00f9 attraenti, dichiarata\ncitt\u00e0 museo. Conosciuta anche come &quot;la citt\u00e0 dalle mille finestre&quot;, \u00e8 situata sulle pendici di due\ncolline specchianti divise dal fiume Osum. La fortezza ancora abitata sorge su una collina\npredominante. All&#039;interno delle sue mura si trova il \u201cMuseo Onufri\u201d. Vi sono esposti anche\ndipinti e icone dell&#039;eccezionale pittore albanese. La parte vecchia della citt\u00e0 ha alcuni edifici\nreligiosi come chiese e moschee.\t\t\t\t\t<\/p>\n\t\t\t\t\n\t\t\t<\/div>\n\t\t\t\n\t\t<\/div>\n\t\t\t\t\t\t<\/div>\n\t\t\t\t<\/div>\n\t\t\t\t\t<\/div>\n\t\t<\/div>\n\t\t\t\t\t<\/div>\n\t\t<\/section>\n\t\t\t\t<section class=\"elementor-section elementor-inner-section elementor-element elementor-element-1fd680b elementor-section-boxed elementor-section-height-default elementor-section-height-default\" data-id=\"1fd680b\" data-element_type=\"section\">\n\t\t\t\t\t\t<div class=\"elementor-container elementor-column-gap-default\">\n\t\t\t\t\t<div class=\"elementor-column elementor-col-100 elementor-inner-column elementor-element elementor-element-4199215\" data-id=\"4199215\" data-element_type=\"column\">\n\t\t\t<div class=\"elementor-widget-wrap elementor-element-populated\">\n\t\t\t\t\t\t<div class=\"elementor-element elementor-element-89d5f7a elementor-invisible elementor-widget elementor-widget-icon-box\" data-id=\"89d5f7a\" data-element_type=\"widget\" data-settings=\"{&quot;_animation&quot;:&quot;fadeInRight&quot;,&quot;_animation_tablet&quot;:&quot;none&quot;,&quot;_animation_delay&quot;:100}\" data-widget_type=\"icon-box.default\">\n\t\t\t\t<div class=\"elementor-widget-container\">\n\t\t\t\t\t\t\t<div class=\"elementor-icon-box-wrapper\">\n\n\t\t\t\n\t\t\t\t\t\t<div class=\"elementor-icon-box-content\">\n\n\t\t\t\t\t\t\t\t\t<h3 class=\"elementor-icon-box-title\">\n\t\t\t\t\t\t<span  >\n\t\t\t\t\t\t\tCosa visitare a Berat\t\t\t\t\t\t<\/span>\n\t\t\t\t\t<\/h3>\n\t\t\t\t\n\t\t\t\t\t\t\t\t\t<p class=\"elementor-icon-box-description\">\n\t\t\t\t\t\t<strong><li>Il Museo di Iconografia\u201dOnufri\":<\/strong>\nUno dei musei iconici pi\u00f9 interessanti che espone alcuni capolavori in una cornice\noriginale della Chiesa di Santa Maria. Famoso anche per 2 dei pi\u00f9 antichi manoscritti biblici del mondo tenuti nascosti sotto il suo altare per molti anni, per nasconderli dalla frenesia atea della rivoluzione culturale albanese.  <br>\n<strong> <li>Il Museo Etnografico<\/strong><br>\n<strong><li>Fortezza di Berat:<\/strong> \nLa fortezza \u00e8 situata in posizione dominante sul paese. Era famosa per le sue numerose\nchiese di epoca bizantina che si pensava fossero circa 40 in una volta. Uno di questi \u00e8 la\nChiesa di San Triadha, risalente alla fine del XIII secolo e all&#039;inizio del XIV secolo. Al\nsuo interno si trovano affreschi molto interessanti. Dietro la Chiesa di San Per asciugare,\nci sono le chiese di San Kolli, San Costantino, Sant&#039;Elena, Santa Maria Vllaherna e altri..<br>\n<strong><li>Rovine della Moschea Bianca:<\/strong>\nLe sue mura interne si trovano all&#039;interno del castello di Berat. Sono costruite sulle fondamenta delle mura illiriche, seguite da ricostruzioni in stile bizantino e ottomano.\n<strong><li>La Chiesa di San Mehilli, (Michele):<\/strong>\nUna struttura ben nota, che combina tecniche di costruzione europee e bizantine.<br>\n<strong><li>La Chiesa di Santa Triadha (Trinit\u00e0):<\/strong>\nLa Chiesa della Santissima Trinit\u00e0 \u00e8 una chiesa medievale bizantina e uno dei monumenti culturali che compongono i centri storici di Berat e Gjirokastra, Patrimonio mondiale.\t\t\t\t\t<\/p>\n\t\t\t\t\n\t\t\t<\/div>\n\t\t\t\n\t\t<\/div>\n\t\t\t\t\t\t<\/div>\n\t\t\t\t<\/div>\n\t\t\t\t\t<\/div>\n\t\t<\/div>\n\t\t\t\t\t<\/div>\n\t\t<\/section>\n\t\t\t\t<section class=\"elementor-section elementor-inner-section elementor-element elementor-element-8267c47 elementor-section-boxed elementor-section-height-default elementor-section-height-default\" data-id=\"8267c47\" data-element_type=\"section\">\n\t\t\t\t\t\t<div class=\"elementor-container elementor-column-gap-default\">\n\t\t\t\t\t<div class=\"elementor-column elementor-col-100 elementor-inner-column elementor-element elementor-element-717a7d9\" data-id=\"717a7d9\" data-element_type=\"column\">\n\t\t\t<div class=\"elementor-widget-wrap elementor-element-populated\">\n\t\t\t\t\t\t<div class=\"elementor-element elementor-element-43697d6 elementor-invisible elementor-widget elementor-widget-icon-box\" data-id=\"43697d6\" data-element_type=\"widget\" data-settings=\"{&quot;_animation&quot;:&quot;fadeInRight&quot;,&quot;_animation_tablet&quot;:&quot;none&quot;,&quot;_animation_delay&quot;:100}\" data-widget_type=\"icon-box.default\">\n\t\t\t\t<div class=\"elementor-widget-container\">\n\t\t\t\t\t\t\t<div class=\"elementor-icon-box-wrapper\">\n\n\t\t\t\n\t\t\t\t\t\t<div class=\"elementor-icon-box-content\">\n\n\t\t\t\t\t\t\t\t\t<h3 class=\"elementor-icon-box-title\">\n\t\t\t\t\t\t<span  >\n\t\t\t\t\t\t\tDURAZZO\t\t\t\t\t\t<\/span>\n\t\t\t\t\t<\/h3>\n\t\t\t\t\n\t\t\t\t\t\t\t\t\t<p class=\"elementor-icon-box-description\">\n\t\t\t\t\t\tIl porto principale di Durazzo \u00e8 la seconda citt\u00e0 pi\u00f9 grande dell&#039;Albania. La citt\u00e0 fu colonizzata\ndai coloni di Corinto e Korkyra nel 627 a.C. Fu chiamata Epidamnus, che in seguito divenne\nDyrrachium. L&#039;oggetto pi\u00f9 importante \u00e8 l&#039;anfiteatro, il pi\u00f9 grande dei Balcani con 15.000 posti a\nsedere, risalente al ii secolo d .C. e contenente una cripta paleocristiana con un raro mosaico\nmurale. Tra il I e il III secolo Durazzo fu un importante porto e centro commerciale sulla Via\ntradingatia, tra Roma e Bisanzio (Istanbul). Dopo un gran numero di terremoti, gran parte\ndell&#039;antica Durazzo affond\u00f2 in mare o croll\u00f2 e fu successivamente costruita. Oggi la citt\u00e0 \u00e8 ben\nnota per la vicina localit\u00e0 balneare di Durazzo e le sue spiagge sabbiose e le calde acque del\nmare.\t\t\t\t\t<\/p>\n\t\t\t\t\n\t\t\t<\/div>\n\t\t\t\n\t\t<\/div>\n\t\t\t\t\t\t<\/div>\n\t\t\t\t<\/div>\n\t\t\t\t\t<\/div>\n\t\t<\/div>\n\t\t\t\t\t<\/div>\n\t\t<\/section>\n\t\t\t\t<section class=\"elementor-section elementor-inner-section elementor-element elementor-element-28dc13e elementor-section-boxed elementor-section-height-default elementor-section-height-default\" data-id=\"28dc13e\" data-element_type=\"section\">\n\t\t\t\t\t\t<div class=\"elementor-container elementor-column-gap-default\">\n\t\t\t\t\t<div class=\"elementor-column elementor-col-100 elementor-inner-column elementor-element elementor-element-5be31fd\" data-id=\"5be31fd\" data-element_type=\"column\">\n\t\t\t<div class=\"elementor-widget-wrap elementor-element-populated\">\n\t\t\t\t\t\t<div class=\"elementor-element elementor-element-f8612f1 elementor-invisible elementor-widget elementor-widget-icon-box\" data-id=\"f8612f1\" data-element_type=\"widget\" data-settings=\"{&quot;_animation&quot;:&quot;fadeInRight&quot;,&quot;_animation_tablet&quot;:&quot;none&quot;,&quot;_animation_delay&quot;:100}\" data-widget_type=\"icon-box.default\">\n\t\t\t\t<div class=\"elementor-widget-container\">\n\t\t\t\t\t\t\t<div class=\"elementor-icon-box-wrapper\">\n\n\t\t\t\n\t\t\t\t\t\t<div class=\"elementor-icon-box-content\">\n\n\t\t\t\t\t\t\t\t\t<h3 class=\"elementor-icon-box-title\">\n\t\t\t\t\t\t<span  >\n\t\t\t\t\t\t\tChe cosa visitare a Durazzo\t\t\t\t\t\t<\/span>\n\t\t\t\t\t<\/h3>\n\t\t\t\t\n\t\t\t\t\t\t\t\t\t<p class=\"elementor-icon-box-description\">\n\t\t\t\t\t\t<strong><li> Il Museo Archeologico<\/strong><br>\n<strong><li>L\u2019Anfiteatro:<\/strong>\nParzialmente scavato a partire dal 1960, ha una capacit\u00e0 di posti a sedere tra 15.000-\n20.000 persone ed \u00e8 situato al centro della citt\u00e0 moderna.<br>\n<strong><li>Foro Bizantino<\/strong><br>\n<strong><li> Torre Veneziana:<\/strong>\n(piccolo castello aperto come un bar)<br>\n<strong><li>Le Mura antiche della citt\u00e0<\/strong><br>\n <strong><li>L\u2019Esposizzione della Cultura Popolare<\/strong><br>\n<strong><li>Il mosaico di Arapaj, villaggio di Arapaj<\/strong>\n(Visitabile solo attraverso un permesso speciale del Ministero della Cultura)\t\t\t\t\t<\/p>\n\t\t\t\t\n\t\t\t<\/div>\n\t\t\t\n\t\t<\/div>\n\t\t\t\t\t\t<\/div>\n\t\t\t\t<\/div>\n\t\t\t\t\t<\/div>\n\t\t<\/div>\n\t\t\t\t\t<\/div>\n\t\t<\/section>\n\t\t\t\t<section class=\"elementor-section elementor-inner-section elementor-element elementor-element-c55554f elementor-section-boxed elementor-section-height-default elementor-section-height-default\" data-id=\"c55554f\" data-element_type=\"section\">\n\t\t\t\t\t\t<div class=\"elementor-container elementor-column-gap-default\">\n\t\t\t\t\t<div class=\"elementor-column elementor-col-100 elementor-inner-column elementor-element elementor-element-847573a\" data-id=\"847573a\" data-element_type=\"column\">\n\t\t\t<div class=\"elementor-widget-wrap elementor-element-populated\">\n\t\t\t\t\t\t<div class=\"elementor-element elementor-element-0e06509 elementor-invisible elementor-widget elementor-widget-icon-box\" data-id=\"0e06509\" data-element_type=\"widget\" data-settings=\"{&quot;_animation&quot;:&quot;fadeInRight&quot;,&quot;_animation_tablet&quot;:&quot;none&quot;,&quot;_animation_delay&quot;:100}\" data-widget_type=\"icon-box.default\">\n\t\t\t\t<div class=\"elementor-widget-container\">\n\t\t\t\t\t\t\t<div class=\"elementor-icon-box-wrapper\">\n\n\t\t\t\n\t\t\t\t\t\t<div class=\"elementor-icon-box-content\">\n\n\t\t\t\t\t\t\t\t\t<h3 class=\"elementor-icon-box-title\">\n\t\t\t\t\t\t<span  >\n\t\t\t\t\t\t\tFIER\t\t\t\t\t\t<\/span>\n\t\t\t\t\t<\/h3>\n\t\t\t\t\n\t\t\t\t\t\t\t\t\t<p class=\"elementor-icon-box-description\">\n\t\t\t\t\t\tUna delle pi\u00f9 grandi citt\u00e0 in Albania Fier \u00e8 stata sviluppata come una citt\u00e0 industriale durante i 45 anni della dittatura comunista. Tuttavia questa citt\u00e0 vanta alcuni siti storici molto importanti. I\npi\u00f9 importanti sono:\t\t\t\t\t<\/p>\n\t\t\t\t\n\t\t\t<\/div>\n\t\t\t\n\t\t<\/div>\n\t\t\t\t\t\t<\/div>\n\t\t\t\t<\/div>\n\t\t\t\t\t<\/div>\n\t\t<\/div>\n\t\t\t\t\t<\/div>\n\t\t<\/section>\n\t\t\t\t<section class=\"elementor-section elementor-inner-section elementor-element elementor-element-f880496 elementor-section-boxed elementor-section-height-default elementor-section-height-default\" data-id=\"f880496\" data-element_type=\"section\">\n\t\t\t\t\t\t<div class=\"elementor-container elementor-column-gap-default\">\n\t\t\t\t\t<div class=\"elementor-column elementor-col-100 elementor-inner-column elementor-element elementor-element-26c0433\" data-id=\"26c0433\" data-element_type=\"column\">\n\t\t\t<div class=\"elementor-widget-wrap elementor-element-populated\">\n\t\t\t\t\t\t<div class=\"elementor-element elementor-element-37821bd elementor-invisible elementor-widget elementor-widget-icon-box\" data-id=\"37821bd\" data-element_type=\"widget\" data-settings=\"{&quot;_animation&quot;:&quot;fadeInRight&quot;,&quot;_animation_tablet&quot;:&quot;none&quot;,&quot;_animation_delay&quot;:100}\" data-widget_type=\"icon-box.default\">\n\t\t\t\t<div class=\"elementor-widget-container\">\n\t\t\t\t\t\t\t<div class=\"elementor-icon-box-wrapper\">\n\n\t\t\t\n\t\t\t\t\t\t<div class=\"elementor-icon-box-content\">\n\n\t\t\t\t\t\t\t\t\t<h3 class=\"elementor-icon-box-title\">\n\t\t\t\t\t\t<span  >\n\t\t\t\t\t\t\tCosa visitare nella regione Fier\t\t\t\t\t\t<\/span>\n\t\t\t\t\t<\/h3>\n\t\t\t\t\n\t\t\t\t\t\t\t\t\t<p class=\"elementor-icon-box-description\">\n\t\t\t\t\t\t<strong><li>Apollonia:<\/strong>\nRappresenta uno dei siti archeologici pi\u00f9 importanti dell&#039;Albania. Gli oggetti pi\u00f9\ninteressanti da visitare sono il magnifico muro di Agonothetes II secolo a. C. <br>\n<strong><li> Monastero di Santa Maria:<\/strong>\nSituato accanto all&#039;antico sito di Apolonia e sede del museo archeologico del sito. Il monastero pi\u00f9 antico fu ricostruito dall&#039;imperatore bizantino Andronico Paleologo II.\n<br><strong><li>Sito archeologico di Bylis:<\/strong>\nIl Parco Archeologico di Bylis \u00e8 un sito significativo che rappresenta le rovine di\nun'antica civilt\u00e0 illirica.La citt\u00e0 illirica di Bylis, situata su una collina vicino all'odierno\nvillaggio di Hekal, un tempo si estendeva su una superficie di 30 ettari, protetta da un muro lungo 2,2 km. Oggi, sono ancora visibili le rovine del teatro, con una capacit\u00e0 di\n7500 spettatori, che serviva non solo per spettacoli teatrali e musicali per gli abitanti della citt\u00e0 e le aree circostanti, ma anche come luoghi in cui venivano prese importanti\ndecisioni sul destino della comunit\u00e0 Byline.\t\t\t\t\t<\/p>\n\t\t\t\t\n\t\t\t<\/div>\n\t\t\t\n\t\t<\/div>\n\t\t\t\t\t\t<\/div>\n\t\t\t\t<\/div>\n\t\t\t\t\t<\/div>\n\t\t<\/div>\n\t\t\t\t\t<\/div>\n\t\t<\/section>\n\t\t\t\t<section class=\"elementor-section elementor-inner-section elementor-element elementor-element-273fa27 elementor-section-boxed elementor-section-height-default elementor-section-height-default\" data-id=\"273fa27\" data-element_type=\"section\">\n\t\t\t\t\t\t<div class=\"elementor-container elementor-column-gap-default\">\n\t\t\t\t\t<div class=\"elementor-column elementor-col-100 elementor-inner-column elementor-element elementor-element-8af457c\" data-id=\"8af457c\" data-element_type=\"column\">\n\t\t\t<div class=\"elementor-widget-wrap elementor-element-populated\">\n\t\t\t\t\t\t<div class=\"elementor-element elementor-element-1f105d6 elementor-invisible elementor-widget elementor-widget-icon-box\" data-id=\"1f105d6\" data-element_type=\"widget\" data-settings=\"{&quot;_animation&quot;:&quot;fadeInRight&quot;,&quot;_animation_tablet&quot;:&quot;none&quot;,&quot;_animation_delay&quot;:100}\" data-widget_type=\"icon-box.default\">\n\t\t\t\t<div class=\"elementor-widget-container\">\n\t\t\t\t\t\t\t<div class=\"elementor-icon-box-wrapper\">\n\n\t\t\t\n\t\t\t\t\t\t<div class=\"elementor-icon-box-content\">\n\n\t\t\t\t\t\t\t\t\t<h3 class=\"elementor-icon-box-title\">\n\t\t\t\t\t\t<span  >\n\t\t\t\t\t\t\tARGIROCASTRO\t\t\t\t\t\t<\/span>\n\t\t\t\t\t<\/h3>\n\t\t\t\t\n\t\t\t\t\t\t\t\t\t<p class=\"elementor-icon-box-description\">\n\t\t\t\t\t\tUna delle citt\u00e0 pi\u00f9 importanti del sud dell&#039;Albania \u00e8 stata dichiarata &quot;Citt\u00e0 museo&quot;. \u00c8 costruito sul pendio di una montagna ed \u00e8 noto per le sue caratteristiche e strette strade lastricate in pietra.\nLe case di abitazione hanno la forma di torri medievali costituite da un insieme di edifici con architettura caratteristica. Il castello della citt\u00e0 si erge come un balcone sulla citt\u00e0. Permette ai visitatori di godere di un paesaggio molto bello. Il Museo Nazionale delle Armi \u00e8 ospitato all'interno del castello. Le armi sono prodotte e utilizzate dagli albanesi fin dai tempi antichi\nsono esposti l\u00ec.\t\t\t\t\t<\/p>\n\t\t\t\t\n\t\t\t<\/div>\n\t\t\t\n\t\t<\/div>\n\t\t\t\t\t\t<\/div>\n\t\t\t\t<\/div>\n\t\t\t\t\t<\/div>\n\t\t<\/div>\n\t\t\t\t\t<\/div>\n\t\t<\/section>\n\t\t\t\t<section class=\"elementor-section elementor-inner-section elementor-element elementor-element-f182dfa elementor-section-boxed elementor-section-height-default elementor-section-height-default\" data-id=\"f182dfa\" data-element_type=\"section\">\n\t\t\t\t\t\t<div class=\"elementor-container elementor-column-gap-default\">\n\t\t\t\t\t<div class=\"elementor-column elementor-col-100 elementor-inner-column elementor-element elementor-element-0c82038\" data-id=\"0c82038\" data-element_type=\"column\">\n\t\t\t<div class=\"elementor-widget-wrap elementor-element-populated\">\n\t\t\t\t\t\t<div class=\"elementor-element elementor-element-d5c0a25 elementor-invisible elementor-widget elementor-widget-icon-box\" data-id=\"d5c0a25\" data-element_type=\"widget\" data-settings=\"{&quot;_animation&quot;:&quot;fadeInRight&quot;,&quot;_animation_tablet&quot;:&quot;none&quot;,&quot;_animation_delay&quot;:100}\" data-widget_type=\"icon-box.default\">\n\t\t\t\t<div class=\"elementor-widget-container\">\n\t\t\t\t\t\t\t<div class=\"elementor-icon-box-wrapper\">\n\n\t\t\t\n\t\t\t\t\t\t<div class=\"elementor-icon-box-content\">\n\n\t\t\t\t\t\t\t\t\t<h3 class=\"elementor-icon-box-title\">\n\t\t\t\t\t\t<span  >\n\t\t\t\t\t\t\tCosa visitare a Gjirokastra\t\t\t\t\t\t<\/span>\n\t\t\t\t\t<\/h3>\n\t\t\t\t\n\t\t\t\t\t\t\t\t\t<p class=\"elementor-icon-box-description\">\n\t\t\t\t\t\t<strong><li>Il Museo delle Armi:<\/strong>\nsi trova all&#039;interno del Castello di Gjirokastra. Mostra lo sviluppo delle armi in Albania, dall&#039;antichit\u00e0 ai giorni nostri.)<br>\n<strong><li>Il Museo Etnografico:<\/strong>\n\u00c8 anche conosciuta come la casa natale dell&#039;ex dittatore Enver Hoxha. Attualmente \u00e8\nvisitato da molti turisti interessati alla tradizione, alla cultura e all&#039;etnografia albanese.<br>\n<strong> <li>La fortezza di Gjirokastra:<\/strong>\n\u00e8 una grande fortezza con una posizione fantastica, che domina tutta la valle del Drino.\nLa sua costruzione continu\u00f2 per diversi secoli e solo nel XII secolo prese la forma di un castello. Uscendo dal castello, i visitatori camminano lungo una strada su entrambi i lati della quale ci sono 200 case in pietra.<br>\n<strong><li> La Moscea di Pajazut Khan:<\/strong>\ntrovato all&#039;interno del castello. A nord c&#039;\u00e8 il mercato vecchio, chiamato il Mercato del\nCastello.<br>\n<strong><li> Chiesa Labova della Croce:<\/strong>\nNel villaggio con lo stesso nome<br>\n<strong> <li>Il sito archeologico di Antigonea:<\/strong>\nNel villaggio di Saraqinisht;<br>\n<strong><li> Le rovine del sito archeologico di Adrianapolis:<\/strong>\nNel villaggio di Sofratike.\t\t\t\t\t<\/p>\n\t\t\t\t\n\t\t\t<\/div>\n\t\t\t\n\t\t<\/div>\n\t\t\t\t\t\t<\/div>\n\t\t\t\t<\/div>\n\t\t\t\t\t<\/div>\n\t\t<\/div>\n\t\t\t\t\t<\/div>\n\t\t<\/section>\n\t\t\t\t<section class=\"elementor-section elementor-inner-section elementor-element elementor-element-04477b8 elementor-section-boxed elementor-section-height-default elementor-section-height-default\" data-id=\"04477b8\" data-element_type=\"section\">\n\t\t\t\t\t\t<div class=\"elementor-container elementor-column-gap-default\">\n\t\t\t\t\t<div class=\"elementor-column elementor-col-100 elementor-inner-column elementor-element elementor-element-26e8de6\" data-id=\"26e8de6\" data-element_type=\"column\">\n\t\t\t<div class=\"elementor-widget-wrap elementor-element-populated\">\n\t\t\t\t\t\t<div class=\"elementor-element elementor-element-e48d958 elementor-invisible elementor-widget elementor-widget-icon-box\" data-id=\"e48d958\" data-element_type=\"widget\" data-settings=\"{&quot;_animation&quot;:&quot;fadeInRight&quot;,&quot;_animation_tablet&quot;:&quot;none&quot;,&quot;_animation_delay&quot;:100}\" data-widget_type=\"icon-box.default\">\n\t\t\t\t<div class=\"elementor-widget-container\">\n\t\t\t\t\t\t\t<div class=\"elementor-icon-box-wrapper\">\n\n\t\t\t\n\t\t\t\t\t\t<div class=\"elementor-icon-box-content\">\n\n\t\t\t\t\t\t\t\t\t<h3 class=\"elementor-icon-box-title\">\n\t\t\t\t\t\t<span  >\n\t\t\t\t\t\t\tKORCA\t\t\t\t\t\t<\/span>\n\t\t\t\t\t<\/h3>\n\t\t\t\t\n\t\t\t\t\t\t\t\t\t<p class=\"elementor-icon-box-description\">\n\t\t\t\t\t\t\u00c8 la pi\u00f9 grande citt\u00e0 della parte sud-orientale dell&#039;Albania. Si trova ai piedi del monte Morava su\nun altopiano a 800 m sul livello del mare. Divenne un importante centro commerciale e\nartigianale nel 18 \u00b0 secolo a causa dello sviluppo del commercio con le regioni limitrofe. Il\nmuseo per l&#039;arte medievale presenta la cultura spirituale e materiale del popolo albanese. Ci sono\nanche il Museo dell&#039;Educazione, dove la prima scuola albanese fu aperta nel 1878 e il nuovo\nmuseo delle \u201cCollezioni Bratko\u201d con antiquari dell&#039;Estremo Oriente.\t\t\t\t\t<\/p>\n\t\t\t\t\n\t\t\t<\/div>\n\t\t\t\n\t\t<\/div>\n\t\t\t\t\t\t<\/div>\n\t\t\t\t<\/div>\n\t\t\t\t\t<\/div>\n\t\t<\/div>\n\t\t\t\t\t<\/div>\n\t\t<\/section>\n\t\t\t\t<section class=\"elementor-section elementor-inner-section elementor-element elementor-element-dde90b6 elementor-section-boxed elementor-section-height-default elementor-section-height-default\" data-id=\"dde90b6\" data-element_type=\"section\">\n\t\t\t\t\t\t<div class=\"elementor-container elementor-column-gap-default\">\n\t\t\t\t\t<div class=\"elementor-column elementor-col-100 elementor-inner-column elementor-element elementor-element-34c532c\" data-id=\"34c532c\" data-element_type=\"column\">\n\t\t\t<div class=\"elementor-widget-wrap elementor-element-populated\">\n\t\t\t\t\t\t<div class=\"elementor-element elementor-element-123c41f elementor-invisible elementor-widget elementor-widget-icon-box\" data-id=\"123c41f\" data-element_type=\"widget\" data-settings=\"{&quot;_animation&quot;:&quot;fadeInRight&quot;,&quot;_animation_tablet&quot;:&quot;none&quot;,&quot;_animation_delay&quot;:100}\" data-widget_type=\"icon-box.default\">\n\t\t\t\t<div class=\"elementor-widget-container\">\n\t\t\t\t\t\t\t<div class=\"elementor-icon-box-wrapper\">\n\n\t\t\t\n\t\t\t\t\t\t<div class=\"elementor-icon-box-content\">\n\n\t\t\t\t\t\t\t\t\t<h3 class=\"elementor-icon-box-title\">\n\t\t\t\t\t\t<span  >\n\t\t\t\t\t\t\tCosa visitare a Korca\t\t\t\t\t\t<\/span>\n\t\t\t\t\t<\/h3>\n\t\t\t\t\n\t\t\t\t\t\t\t\t\t<p class=\"elementor-icon-box-description\">\n\t\t\t\t\t\t<strong><li>Il Museo delle Arti Medievali:<\/strong>\nIl museo \u00e8 un piacere visivo da non perdere. \u00c8 stato ricostruito nel 2016 rendendolo uno\ndei musei pi\u00f9 belli del paese. Raccolti in sale variamente colorate sono alcuni eccellenti\naffreschi, iconostasi e altre opere di alcuni dei migliori artigiani del mestiere prodotti in\nquella che \u00e8 oggi l&#039;Albania. Opere di Onufri e dei fratelli Zografi sono esposte tra i circa\n7.000 oggetti della collezione. Le fotografie non sono consentite all&#039;interno per preservare\nle icone secolari. Per molti visitatori occasionali il museo sembra chiuso a causa della\nporta rimasta chiusa per motivi di sicurezza, quindi suona il campanello.<br>\n<strong><li>Il Museo \u201cBratko\u201d:<\/strong>\nQuesto museo racconta la storia personale del famoso fotografo albanese Gjergj Dhimit\u00ebr\nMborja. Sebbene pi\u00f9 tardi abbia lavorato a Hollywood, Mborja trascorse inizialmente 14\nanni (1942-1956) in Giappone come fotografo del generale Douglas McArthur. Il suo\namore per l&#039;Asia, tuttavia, \u00e8 continuato anche dopo il suo ritorno negli Stati Uniti.La\ncollezione del Museo Bratko, raccolta da lui durante i suoi viaggi, \u00e8 il dono di Mborja\nalla sua citt\u00e0 natale di Kor\u00e7a. Nel suo testamento, ha chiesto che il suo museo sia\ncostruito con i suoi risparmi, e che sia chiamato in onore di sua madre, Viktoria Bratko,\nche non ha mai lasciato l&#039;Albania.<br>\n<strong><li>Museo Nazionale dell&#039;Educazione<\/strong>\n<strong> <li>Il Museo Archeologico<\/strong><br>\n<strong><li>Watering Greensward:<\/strong>\nQuesto \u00e8 un luogo che illustra il dolore dell&#039;immigrazione, dove le giovani donne usano versare lacrime per la partenza dei loro cari in cerca di un futuro migliore. Molti emigrarono negli Stati Uniti.\t\t\t\t\t<\/p>\n\t\t\t\t\n\t\t\t<\/div>\n\t\t\t\n\t\t<\/div>\n\t\t\t\t\t\t<\/div>\n\t\t\t\t<\/div>\n\t\t\t\t\t<\/div>\n\t\t<\/div>\n\t\t\t\t\t<\/div>\n\t\t<\/section>\n\t\t\t\t<section class=\"elementor-section elementor-inner-section elementor-element elementor-element-a5154bb elementor-section-boxed elementor-section-height-default elementor-section-height-default\" data-id=\"a5154bb\" data-element_type=\"section\">\n\t\t\t\t\t\t<div class=\"elementor-container elementor-column-gap-default\">\n\t\t\t\t\t<div class=\"elementor-column elementor-col-100 elementor-inner-column elementor-element elementor-element-8338292\" data-id=\"8338292\" data-element_type=\"column\">\n\t\t\t<div class=\"elementor-widget-wrap elementor-element-populated\">\n\t\t\t\t\t\t<div class=\"elementor-element elementor-element-45d172c elementor-invisible elementor-widget elementor-widget-icon-box\" data-id=\"45d172c\" data-element_type=\"widget\" data-settings=\"{&quot;_animation&quot;:&quot;fadeInRight&quot;,&quot;_animation_tablet&quot;:&quot;none&quot;,&quot;_animation_delay&quot;:100}\" data-widget_type=\"icon-box.default\">\n\t\t\t\t<div class=\"elementor-widget-container\">\n\t\t\t\t\t\t\t<div class=\"elementor-icon-box-wrapper\">\n\n\t\t\t\n\t\t\t\t\t\t<div class=\"elementor-icon-box-content\">\n\n\t\t\t\t\t\t\t\t\t<h3 class=\"elementor-icon-box-title\">\n\t\t\t\t\t\t<span  >\n\t\t\t\t\t\t\tKRUJA\t\t\t\t\t\t<\/span>\n\t\t\t\t\t<\/h3>\n\t\t\t\t\n\t\t\t\t\t\t\t\t\t<p class=\"elementor-icon-box-description\">\n\t\t\t\t\t\tKruja \u00e8 una citt\u00e0 medievale vicino a Tirana. Il nome di Kruja \u00e8 strettamente legato al nome\ndell&#039;eroe nazionale , George Kastriot Scanderbeg, che ha combattuto contro gli ottomani per 25\nanni consecutivi, difendendo la civilt\u00e0 europea dalla loro minaccia nel 15 \u00b0 secolo. In un luogo\nprominente e strategico vicino alla citt\u00e0, c&#039;\u00e8 un castello, all&#039;interno \u00e8 ospitato il Museo di\nScanderbeg (Museo Nazionale). Sulla strada per il castello c&#039;\u00e8 un bazar medievale.\t\t\t\t\t<\/p>\n\t\t\t\t\n\t\t\t<\/div>\n\t\t\t\n\t\t<\/div>\n\t\t\t\t\t\t<\/div>\n\t\t\t\t<\/div>\n\t\t\t\t\t<\/div>\n\t\t<\/div>\n\t\t\t\t\t<\/div>\n\t\t<\/section>\n\t\t\t\t<section class=\"elementor-section elementor-inner-section elementor-element elementor-element-ec09e10 elementor-section-boxed elementor-section-height-default elementor-section-height-default\" data-id=\"ec09e10\" data-element_type=\"section\">\n\t\t\t\t\t\t<div class=\"elementor-container elementor-column-gap-default\">\n\t\t\t\t\t<div class=\"elementor-column elementor-col-100 elementor-inner-column elementor-element elementor-element-3bdbc9f\" data-id=\"3bdbc9f\" data-element_type=\"column\">\n\t\t\t<div class=\"elementor-widget-wrap elementor-element-populated\">\n\t\t\t\t\t\t<div class=\"elementor-element elementor-element-4984533 elementor-invisible elementor-widget elementor-widget-icon-box\" data-id=\"4984533\" data-element_type=\"widget\" data-settings=\"{&quot;_animation&quot;:&quot;fadeInRight&quot;,&quot;_animation_tablet&quot;:&quot;none&quot;,&quot;_animation_delay&quot;:100}\" data-widget_type=\"icon-box.default\">\n\t\t\t\t<div class=\"elementor-widget-container\">\n\t\t\t\t\t\t\t<div class=\"elementor-icon-box-wrapper\">\n\n\t\t\t\n\t\t\t\t\t\t<div class=\"elementor-icon-box-content\">\n\n\t\t\t\t\t\t\t\t\t<h3 class=\"elementor-icon-box-title\">\n\t\t\t\t\t\t<span  >\n\t\t\t\t\t\t\tKruja attrazioni\t\t\t\t\t\t<\/span>\n\t\t\t\t\t<\/h3>\n\t\t\t\t\n\t\t\t\t\t\t\t\t\t<p class=\"elementor-icon-box-description\">\n\t\t\t\t\t\t<strong><li> Museo di Girgio Catriota Scanderbeg<\/strong><br>\n<strong><li> Il Museo Etnografico.<br>\n <li>Bazar tradizionale<br>\n<li> Sito archeologico di Albanopolis, nel villaggio di Zgerdhesh\t\t\t\t\t<\/p>\n\t\t\t\t\n\t\t\t<\/div>\n\t\t\t\n\t\t<\/div>\n\t\t\t\t\t\t<\/div>\n\t\t\t\t<\/div>\n\t\t\t\t\t<\/div>\n\t\t<\/div>\n\t\t\t\t\t<\/div>\n\t\t<\/section>\n\t\t\t\t<section class=\"elementor-section elementor-inner-section elementor-element elementor-element-7115858 elementor-section-boxed elementor-section-height-default elementor-section-height-default\" data-id=\"7115858\" data-element_type=\"section\">\n\t\t\t\t\t\t<div class=\"elementor-container elementor-column-gap-default\">\n\t\t\t\t\t<div class=\"elementor-column elementor-col-100 elementor-inner-column elementor-element elementor-element-39a34fb\" data-id=\"39a34fb\" data-element_type=\"column\">\n\t\t\t<div class=\"elementor-widget-wrap elementor-element-populated\">\n\t\t\t\t\t\t<div class=\"elementor-element elementor-element-8152c68 elementor-invisible elementor-widget elementor-widget-icon-box\" data-id=\"8152c68\" data-element_type=\"widget\" data-settings=\"{&quot;_animation&quot;:&quot;fadeInRight&quot;,&quot;_animation_tablet&quot;:&quot;none&quot;,&quot;_animation_delay&quot;:100}\" data-widget_type=\"icon-box.default\">\n\t\t\t\t<div class=\"elementor-widget-container\">\n\t\t\t\t\t\t\t<div class=\"elementor-icon-box-wrapper\">\n\n\t\t\t\n\t\t\t\t\t\t<div class=\"elementor-icon-box-content\">\n\n\t\t\t\t\t\t\t\t\t<h3 class=\"elementor-icon-box-title\">\n\t\t\t\t\t\t<span  >\n\t\t\t\t\t\t\tPOGRADEC\t\t\t\t\t\t<\/span>\n\t\t\t\t\t<\/h3>\n\t\t\t\t\n\t\t\t\t\t\t\t\t\t<p class=\"elementor-icon-box-description\">\n\t\t\t\t\t\tPogradec \u00e8 una delle citt\u00e0 pi\u00f9 naturalmente affascinanti in Albania a causa della sua posizione\nsul lago di Ocrida che si distingue per l&#039;acqua limpida e la vista sulle montagne. Il pesce del\nCorano, simile alla trota, si trova in questo lago. Oltre alla bellissima spiaggia, il vostro\nsoggiorno a Pogradec \u00e8 reso pi\u00f9 interessante dall&#039;escursione al centro turistico di Driloni (5 km\nverso est) circondato da piante ornamentali e alberi.\t\t\t\t\t<\/p>\n\t\t\t\t\n\t\t\t<\/div>\n\t\t\t\n\t\t<\/div>\n\t\t\t\t\t\t<\/div>\n\t\t\t\t<\/div>\n\t\t\t\t\t<\/div>\n\t\t<\/div>\n\t\t\t\t\t<\/div>\n\t\t<\/section>\n\t\t\t\t<section class=\"elementor-section elementor-inner-section elementor-element elementor-element-cb60504 elementor-section-boxed elementor-section-height-default elementor-section-height-default\" data-id=\"cb60504\" data-element_type=\"section\">\n\t\t\t\t\t\t<div class=\"elementor-container elementor-column-gap-default\">\n\t\t\t\t\t<div class=\"elementor-column elementor-col-100 elementor-inner-column elementor-element elementor-element-61e59d1\" data-id=\"61e59d1\" data-element_type=\"column\">\n\t\t\t<div class=\"elementor-widget-wrap\">\n\t\t\t\t\t\t\t<\/div>\n\t\t<\/div>\n\t\t\t\t\t<\/div>\n\t\t<\/section>\n\t\t\t\t<section class=\"elementor-section elementor-inner-section elementor-element elementor-element-d9e80e0 elementor-section-boxed elementor-section-height-default elementor-section-height-default\" data-id=\"d9e80e0\" data-element_type=\"section\">\n\t\t\t\t\t\t<div class=\"elementor-container elementor-column-gap-default\">\n\t\t\t\t\t<div class=\"elementor-column elementor-col-100 elementor-inner-column elementor-element elementor-element-ba2502e\" data-id=\"ba2502e\" data-element_type=\"column\">\n\t\t\t<div class=\"elementor-widget-wrap elementor-element-populated\">\n\t\t\t\t\t\t<div class=\"elementor-element elementor-element-cbec12c elementor-invisible elementor-widget elementor-widget-icon-box\" data-id=\"cbec12c\" data-element_type=\"widget\" data-settings=\"{&quot;_animation&quot;:&quot;fadeInRight&quot;,&quot;_animation_tablet&quot;:&quot;none&quot;,&quot;_animation_delay&quot;:100}\" data-widget_type=\"icon-box.default\">\n\t\t\t\t<div class=\"elementor-widget-container\">\n\t\t\t\t\t\t\t<div class=\"elementor-icon-box-wrapper\">\n\n\t\t\t\n\t\t\t\t\t\t<div class=\"elementor-icon-box-content\">\n\n\t\t\t\t\t\t\t\t\t<h3 class=\"elementor-icon-box-title\">\n\t\t\t\t\t\t<span  >\n\t\t\t\t\t\t\tCosa visitare a Pogradec\t\t\t\t\t\t<\/span>\n\t\t\t\t\t<\/h3>\n\t\t\t\t\n\t\t\t\t\t\t\t\t\t<p class=\"elementor-icon-box-description\">\n\t\t\t\t\t\t\n<strong><li>Il mosaico di Lin:<\/strong>\nIn cima alla scogliera che costituisce la penisola Line si trova il raro sito storico della\nbasilica paleocristiana (o paleocristiana) e il mosaico straordinariamente conservato\ntrovato al suo interno. Circondato su tutti i lati dalle acque confortanti del lago di Ocrida\ne dal pittoresco villaggio di Lin sulle sue rive, i panorami da questo particolare punto\nsono mozzafiato.<br>\n<strong><li> Le tombe reali illiriche di Selca e Poshtme:<\/strong> Le tombe di Selca sono un capolavoro di antichi insediamenti umani, testimoniando il\nmodo tradizionale di vita in Illiria nel 4 \u00b0 - 3 \u00b0 secolo AC. La zona \u00e8 molto vicino al lago\ndi Ocrida, a soli 40 km da Pogradec. Le tombe reali appartenevano a principi e\nprincipesse illiriche dell&#039;antica citt\u00e0 &quot;Pelion&quot;.<br>\n<strong><li> Il Ponte di Goliku sulla Via Egnatia.<\/strong>\t\t\t\t\t<\/p>\n\t\t\t\t\n\t\t\t<\/div>\n\t\t\t\n\t\t<\/div>\n\t\t\t\t\t\t<\/div>\n\t\t\t\t<\/div>\n\t\t\t\t<div class=\"elementor-element elementor-element-23588e8 elementor-invisible elementor-widget elementor-widget-icon-box\" data-id=\"23588e8\" data-element_type=\"widget\" data-settings=\"{&quot;_animation&quot;:&quot;fadeInRight&quot;,&quot;_animation_tablet&quot;:&quot;none&quot;,&quot;_animation_delay&quot;:100}\" data-widget_type=\"icon-box.default\">\n\t\t\t\t<div class=\"elementor-widget-container\">\n\t\t\t\t\t\t\t<div class=\"elementor-icon-box-wrapper\">\n\n\t\t\t\n\t\t\t\t\t\t<div class=\"elementor-icon-box-content\">\n\n\t\t\t\t\t\t\t\t\t<h3 class=\"elementor-icon-box-title\">\n\t\t\t\t\t\t<span  >\n\t\t\t\t\t\t\tSARANDA\t\t\t\t\t\t<\/span>\n\t\t\t\t\t<\/h3>\n\t\t\t\t\n\t\t\t\t\t\t\t\t\t<p class=\"elementor-icon-box-description\">\n\t\t\t\t\t\tSaranda \u00e8 la citt\u00e0 pi\u00f9 meridionale dell&#039;Albania. Situata di fronte all&#039;isola di Corf\u00f9 , Saranda \u00e8 ora\nvisitata principalmente da escursionisti che vengono a godersi questo resort precedentemente\ninaccessibile. Si tratta di uno dei siti pi\u00f9 turistici in Albania ed \u00e8 molto preferibile da \u201cviaggi di\nnozze\u201d. Vicino a Saranda ci sono le rovine dell&#039;antica citt\u00e0 di Butrinto e la sorgente di \u201cBlue\nEye\u201d.\t\t\t\t\t<\/p>\n\t\t\t\t\n\t\t\t<\/div>\n\t\t\t\n\t\t<\/div>\n\t\t\t\t\t\t<\/div>\n\t\t\t\t<\/div>\n\t\t\t\t\t<\/div>\n\t\t<\/div>\n\t\t\t\t\t<\/div>\n\t\t<\/section>\n\t\t\t\t<section class=\"elementor-section elementor-inner-section elementor-element elementor-element-1cea069 elementor-section-boxed elementor-section-height-default elementor-section-height-default\" data-id=\"1cea069\" data-element_type=\"section\">\n\t\t\t\t\t\t<div class=\"elementor-container elementor-column-gap-default\">\n\t\t\t\t\t<div class=\"elementor-column elementor-col-100 elementor-inner-column elementor-element elementor-element-e029a31\" data-id=\"e029a31\" data-element_type=\"column\">\n\t\t\t<div class=\"elementor-widget-wrap elementor-element-populated\">\n\t\t\t\t\t\t<div class=\"elementor-element elementor-element-e968aa2 elementor-invisible elementor-widget elementor-widget-icon-box\" data-id=\"e968aa2\" data-element_type=\"widget\" data-settings=\"{&quot;_animation&quot;:&quot;fadeInRight&quot;,&quot;_animation_tablet&quot;:&quot;none&quot;,&quot;_animation_delay&quot;:100}\" data-widget_type=\"icon-box.default\">\n\t\t\t\t<div class=\"elementor-widget-container\">\n\t\t\t\t\t\t\t<div class=\"elementor-icon-box-wrapper\">\n\n\t\t\t\n\t\t\t\t\t\t<div class=\"elementor-icon-box-content\">\n\n\t\t\t\t\t\t\t\t\t<h3 class=\"elementor-icon-box-title\">\n\t\t\t\t\t\t<span  >\n\t\t\t\t\t\t\tCosa visitare a Saranda\t\t\t\t\t\t<\/span>\n\t\t\t\t\t<\/h3>\n\t\t\t\t\n\t\t\t\t\t\t\t\t\t<p class=\"elementor-icon-box-description\">\n\t\t\t\t\t\t\n<strong><li>Il Museo Etnografico<br>\n<li> Il sito archeologico di Butrinto:<\/strong>\nButrinto \u00e8 un vasto sito archeologico (oltre 200 ettari) nel sud dell&#039;Albania sullo Stretto di\nCorf\u00f9, con resti risalenti dall&#039;et\u00e0 del bronzo all&#039;epoca ottomana. Ha caratteristiche\nparticolarmente ben conservate del periodo romano e bizantino, tra cui bellissimi\npavimenti a mosaico, e la sua &quot;ambientazione omerica&quot; ha beneficiato di uno sviluppo\nmoderno notevolmente ridotto. Butrint \u00e8 stato iscritto nella lista del patrimonio mondiale\ndell&#039;UNESCO nel 1992.<br>\n<strong><li> Il Castello quadrangolare di Butrinto:<\/strong>\nQuesto piccolo castello di Ali Pasha Tepelena costruito nel 1807-1808 si trova su un\npromontorio che si protende verso il mare. Fu costruito per impedire ai francesi di\nprendere sostanze nutritive dalla loro base a Corf\u00f9.<br>\n<strong><li>Le rovine dell&#039;antica citt\u00e0 di Onhezmi a Saranda<\/strong><br>\n<strong><li>Il monastero di Mesopotam<\/strong>\nSituato a sud di Finiq, in tempi precedenti, questo era pensato per essere un tempio\npagano. \u00c8 una delle pi\u00f9 grandi e antiche chiese del suo periodo. Le sue icone raffigurano\nmotivi per lo pi\u00f9 quadrupedi e mammiferi. Nella sua sala principale, un mosaico raffigura\nun drago con ali spiegate. I visitatori possono vedere le rovine delle vecchie mura\ncircostanti del monastero con sette torri quadrangolari. Queste mura precedono la chiesa.\t\t\t\t\t<\/p>\n\t\t\t\t\n\t\t\t<\/div>\n\t\t\t\n\t\t<\/div>\n\t\t\t\t\t\t<\/div>\n\t\t\t\t<\/div>\n\t\t\t\t\t<\/div>\n\t\t<\/div>\n\t\t\t\t\t<\/div>\n\t\t<\/section>\n\t\t\t\t<section class=\"elementor-section elementor-inner-section elementor-element elementor-element-063488f elementor-section-boxed elementor-section-height-default elementor-section-height-default\" data-id=\"063488f\" data-element_type=\"section\">\n\t\t\t\t\t\t<div class=\"elementor-container elementor-column-gap-default\">\n\t\t\t\t\t<div class=\"elementor-column elementor-col-100 elementor-inner-column elementor-element elementor-element-6e7579f\" data-id=\"6e7579f\" data-element_type=\"column\">\n\t\t\t<div class=\"elementor-widget-wrap elementor-element-populated\">\n\t\t\t\t\t\t<div class=\"elementor-element elementor-element-ea22430 elementor-invisible elementor-widget elementor-widget-icon-box\" data-id=\"ea22430\" data-element_type=\"widget\" data-settings=\"{&quot;_animation&quot;:&quot;fadeInRight&quot;,&quot;_animation_tablet&quot;:&quot;none&quot;,&quot;_animation_delay&quot;:100}\" data-widget_type=\"icon-box.default\">\n\t\t\t\t<div class=\"elementor-widget-container\">\n\t\t\t\t\t\t\t<div class=\"elementor-icon-box-wrapper\">\n\n\t\t\t\n\t\t\t\t\t\t<div class=\"elementor-icon-box-content\">\n\n\t\t\t\t\t\t\t\t\t<h3 class=\"elementor-icon-box-title\">\n\t\t\t\t\t\t<span  >\n\t\t\t\t\t\t\tSHKODRA - SCUTARI\t\t\t\t\t\t<\/span>\n\t\t\t\t\t<\/h3>\n\t\t\t\t\n\t\t\t\t\t\t\t\t\t<p class=\"elementor-icon-box-description\">\n\t\t\t\t\t\t\u00c8 una delle citt\u00e0 pi\u00f9 importanti della parte nord-occidentale del paese. Si trova vicino al lago che\ncondivide lo stesso nome e lungo la strada che porta al Montenegro. \u00c8 una citt\u00e0 antica con una\nricca storia. Si possono trovare vecchie case caratteristiche dove vengono utilizzati legno e altri\nmotivi tradizionali. Vicino alla citt\u00e0 c&#039;\u00e8 il castello di Rozafa costruito su una collina rocciosa da\ndove si pu\u00f2 vedere una vista attraente e bella. Durante il vostro soggiorno potrete visitare il\nMuseo Storico della citt\u00e0. Scutari \u00e8 un buon punto per iniziare il vostro viaggio nelle Alpi\nalbanesi.\t\t\t\t\t<\/p>\n\t\t\t\t\n\t\t\t<\/div>\n\t\t\t\n\t\t<\/div>\n\t\t\t\t\t\t<\/div>\n\t\t\t\t<\/div>\n\t\t\t\t\t<\/div>\n\t\t<\/div>\n\t\t\t\t\t<\/div>\n\t\t<\/section>\n\t\t\t\t<section class=\"elementor-section elementor-inner-section elementor-element elementor-element-6b95e26 elementor-section-boxed elementor-section-height-default elementor-section-height-default\" data-id=\"6b95e26\" data-element_type=\"section\">\n\t\t\t\t\t\t<div class=\"elementor-container elementor-column-gap-default\">\n\t\t\t\t\t<div class=\"elementor-column elementor-col-100 elementor-inner-column elementor-element elementor-element-fc21b43\" data-id=\"fc21b43\" data-element_type=\"column\">\n\t\t\t<div class=\"elementor-widget-wrap elementor-element-populated\">\n\t\t\t\t\t\t<div class=\"elementor-element elementor-element-4420f1a elementor-invisible elementor-widget elementor-widget-icon-box\" data-id=\"4420f1a\" data-element_type=\"widget\" data-settings=\"{&quot;_animation&quot;:&quot;fadeInRight&quot;,&quot;_animation_tablet&quot;:&quot;none&quot;,&quot;_animation_delay&quot;:100}\" data-widget_type=\"icon-box.default\">\n\t\t\t\t<div class=\"elementor-widget-container\">\n\t\t\t\t\t\t\t<div class=\"elementor-icon-box-wrapper\">\n\n\t\t\t\n\t\t\t\t\t\t<div class=\"elementor-icon-box-content\">\n\n\t\t\t\t\t\t\t\t\t<h3 class=\"elementor-icon-box-title\">\n\t\t\t\t\t\t<span  >\n\t\t\t\t\t\t\tCosa visitare a Scutari\t\t\t\t\t\t<\/span>\n\t\t\t\t\t<\/h3>\n\t\t\t\t\n\t\t\t\t\t\t\t\t\t<p class=\"elementor-icon-box-description\">\n\t\t\t\t\t\t\n<strong> <li>Museo Storico<\/strong>\nHa una serie di sezioni su archeologia, storia ed etnografia. Ha anche una propria\nbiblioteca con un numero considerevole di libri albanesi e stranieri-circa 15.000 titoli in\ntutto. La biblioteca \u00e8 una grande fonte per gli studenti di Albanologia;<br>\n<strong><li> Fortezza di Rozafa:<\/strong>\nSorge su una collina rocciosa a ovest di Scutari ed era il centro del Regno illirico di\nLabeate. Secondo la leggenda, tre fratelli avevano costruito la fortezza durante il giorno\nsolo per scoprire che le mura erano crollate di notte. Un sacrificio \u00e8 stato richiesto per\nallontanare gli spiriti maligni e hanno deciso di sacrificare la moglie il cui turno \u00e8 stato\nquello di portare loro cibo il giorno successivo. Giurarono di non dirlo alle loro mogli,\nma solo il figlio pi\u00f9 giovane non lo fece. Rozafa, sua moglie, si offr\u00ec volontaria per\nportare il cibo quando le altre mogli conoscenti fecero delle scuse e quindi fu sepolta viva\nnelle mura della fortezza per poter finalmente resistere. All&#039;ingresso del castello si pu\u00f2\nvedere il bassorilievo Rozafa. Secondo l&#039;immaginazione popolare, l&#039;acqua di calce che\nfuoriesce all&#039;ingresso principale \u00e8 il latte che scorre dal seno di Rozafa che \u00e8 stato lasciato\nfuori dal muro in modo che potesse.<br>\n<strong><li> Museo della Fortezza Rozafa:<\/strong>\nSpiega i vari periodi della vita del castello.<br>\n<strong><li> La Moscea di Piombo:<\/strong>\n\u00c8 un famoso monumento culturale nella citt\u00e0 di Scutari che \u00e8 stato costruito nel 1773 nello stile della Moschea Blu di Istanbul.<br>\n<strong> <li>La Chiesa di Shirgji<\/strong>\nSituato a 20 km dalla citt\u00e0 di Scutari, vicino al villaggio di Robot \u00e8 costruito in stile\nromanico-gotico. La chiesa di Shirgji era una delle preferite dei principi albanesi e\nmontenegrini ed era particolarmente usata per i matrimoni.<br>\n<strong> <li>La ponte di Mesi<\/strong>\nSituato a circa 8 km da Scutari, sul fiume Kir, c&#039;erano tre ponti su questo fiume, ma solo\nquesto \u00e8 sopravvissuto fino ad oggi. Il Ponte Mesi \u00e8 un ponte in pietra ad arco unico e\nconsiderato un &quot;monumento culturale&quot;.<br>\n<strong> <li>Le rovine iliriche di Gajtan<\/strong><br>\n<strong> <li>Le rovine della citta medieval di Sarda:<\/strong>\nQuesti si trovano in un&#039;isola del lago artificiale di Vau i Dej\u00ebs, formato nel 1971 a seguito di una diga d&#039;acqua. Tra i resti ci sono le mura difensive, le rovine della chiesa e la porta del palazzo Dukagjini. Sarda \u00e8 una posizione molto pittoresca.<br>\n<strong>Sulla strada da Tirana a Scutari nella citt\u00e0 di Lezha \u00e8 interessante visitare il memoriale dedicato\nal luogo di sepoltura dell&#039;eroe nazionale albanese, Scanderbeg.\t\t\t\t\t<\/p>\n\t\t\t\t\n\t\t\t<\/div>\n\t\t\t\n\t\t<\/div>\n\t\t\t\t\t\t<\/div>\n\t\t\t\t<\/div>\n\t\t\t\t\t<\/div>\n\t\t<\/div>\n\t\t\t\t\t<\/div>\n\t\t<\/section>\n\t\t\t\t<section class=\"elementor-section elementor-inner-section elementor-element elementor-element-7997986 elementor-section-boxed elementor-section-height-default elementor-section-height-default\" data-id=\"7997986\" data-element_type=\"section\">\n\t\t\t\t\t\t<div class=\"elementor-container elementor-column-gap-default\">\n\t\t\t\t\t<div class=\"elementor-column elementor-col-100 elementor-inner-column elementor-element elementor-element-0fb82ad\" data-id=\"0fb82ad\" data-element_type=\"column\">\n\t\t\t<div class=\"elementor-widget-wrap elementor-element-populated\">\n\t\t\t\t\t\t<div class=\"elementor-element elementor-element-606a0a2 elementor-invisible elementor-widget elementor-widget-icon-box\" data-id=\"606a0a2\" data-element_type=\"widget\" data-settings=\"{&quot;_animation&quot;:&quot;fadeInRight&quot;,&quot;_animation_tablet&quot;:&quot;none&quot;,&quot;_animation_delay&quot;:100}\" data-widget_type=\"icon-box.default\">\n\t\t\t\t<div class=\"elementor-widget-container\">\n\t\t\t\t\t\t\t<div class=\"elementor-icon-box-wrapper\">\n\n\t\t\t\n\t\t\t\t\t\t<div class=\"elementor-icon-box-content\">\n\n\t\t\t\t\t\t\t\t\t<h3 class=\"elementor-icon-box-title\">\n\t\t\t\t\t\t<span  >\n\t\t\t\t\t\t\tVLORA - VALONA\t\t\t\t\t\t<\/span>\n\t\t\t\t\t<\/h3>\n\t\t\t\t\n\t\t\t\t\t\t\t\t\t<p class=\"elementor-icon-box-description\">\n\t\t\t\t\t\tValona \u00e8 una citt\u00e0 costiera situata nella baia a ferro di cavallo con lo stesso nome. \u00c8 una citt\u00e0 di\ngrande importanza storica in quanto fu qui che nel 1912 fu convocata l&#039;Assemblea per\nproclamare l&#039;Albania come stato indipendente e per istituire il primo governo nazionale guidato\nda Ismail Qemali. Valona divenne cos\u00ec la prima capitale di un&#039;Albania indipendente. Si pu\u00f2\nimparare di pi\u00f9 sullo sfondo di questo evento al Museo dell&#039;Indipendenza. Su una collina sopra la\ncitt\u00e0 si pu\u00f2 godere il luogo religioso di &quot;Kuzum Baba&quot;. Da l\u00ec si pu\u00f2 vedere la spiaggia e la vista\ndi tutta la citt\u00e0.\t\t\t\t\t<\/p>\n\t\t\t\t\n\t\t\t<\/div>\n\t\t\t\n\t\t<\/div>\n\t\t\t\t\t\t<\/div>\n\t\t\t\t<\/div>\n\t\t\t\t\t<\/div>\n\t\t<\/div>\n\t\t\t\t\t<\/div>\n\t\t<\/section>\n\t\t\t\t<section class=\"elementor-section elementor-inner-section elementor-element elementor-element-f33cb3d elementor-section-boxed elementor-section-height-default elementor-section-height-default\" data-id=\"f33cb3d\" data-element_type=\"section\">\n\t\t\t\t\t\t<div class=\"elementor-container elementor-column-gap-default\">\n\t\t\t\t\t<div class=\"elementor-column elementor-col-100 elementor-inner-column elementor-element elementor-element-6368f25\" data-id=\"6368f25\" data-element_type=\"column\">\n\t\t\t<div class=\"elementor-widget-wrap elementor-element-populated\">\n\t\t\t\t\t\t<div class=\"elementor-element elementor-element-e7695ee elementor-invisible elementor-widget elementor-widget-icon-box\" data-id=\"e7695ee\" data-element_type=\"widget\" data-settings=\"{&quot;_animation&quot;:&quot;fadeInRight&quot;,&quot;_animation_tablet&quot;:&quot;none&quot;,&quot;_animation_delay&quot;:100}\" data-widget_type=\"icon-box.default\">\n\t\t\t\t<div class=\"elementor-widget-container\">\n\t\t\t\t\t\t\t<div class=\"elementor-icon-box-wrapper\">\n\n\t\t\t\n\t\t\t\t\t\t<div class=\"elementor-icon-box-content\">\n\n\t\t\t\t\t\t\t\t\t<h3 class=\"elementor-icon-box-title\">\n\t\t\t\t\t\t<span  >\n\t\t\t\t\t\t\tCosa visitare a Valona e d\u2019intorni\t\t\t\t\t\t<\/span>\n\t\t\t\t\t<\/h3>\n\t\t\t\t\n\t\t\t\t\t\t\t\t\t<p class=\"elementor-icon-box-description\">\n\t\t\t\t\t\t\n<strong><li>Il Museo Etnografico<br>\n<li> Il Museo Storico<br>\n<li> Il Museo dell\u2019Indipendenza<br>\n<li> Fortezza di Kanina:<\/strong>\nSi ritiene che sia stato eretto nel 3 \u00b0 secolo AC e offre una vista spettacolare sulla baia di Valona.<br>\n<strong><li> Moschea Muradie: <\/strong>\nQuesta \u00e8 una moschea in stile sultano, con una cupola costruita nella seconda met\u00e0 del 16\n\u00b0 secolo. La progettazione e la costruzione di questa moschea sono state eseguite da\nSinan, il pi\u00f9 importante architetto dell&#039;Impero ottomano.<br>\n<strong> <li>Oricum:<\/strong>\nTra i tanti tesori archeologici in Albania, l&#039;antico porto di Oricum \u00e8 senza dubbio uno dei pi\u00f9 intriganti. Questa citt\u00e0 dimenticata ha svolto un ruolo cruciale nell&#039;ascesa di Giulio Cesare al dominio totale.<br>\n<strong><li>Fortezza di Ali Pasha&#039;s a Porto Palermo:<\/strong>\nQuesto piccolo forte sul mare si trova su una bella penisola nella piccola baia tettonica di Porto Palermo. Ali Pasha costru\u00ec il castello in onore di sua moglie Vasiliki.<br>\n<strong><li> Chiesa di Santo Stefano e Chiesa di Santa Maria (Dh\u00ebrmi).:<\/strong>\nIl villaggio di Dh\u00ebrmi risale almeno al I secolo a.C. Il villaggio aveva 31 chiese. Le icone della Chiesa di Santo Stefano sono state dipinte nel 18 \u00b0 secolo. La chiesa di Santa Maria \u00e8 un luogo di pellegrinaggio ogni met\u00e0 di agosto quando i riti religiosi vengono eseguiti nel giorno di Santa Maria.\t\t\t\t\t<\/p>\n\t\t\t\t\n\t\t\t<\/div>\n\t\t\t\n\t\t<\/div>\n\t\t\t\t\t\t<\/div>\n\t\t\t\t<\/div>\n\t\t\t\t\t<\/div>\n\t\t<\/div>\n\t\t\t\t\t<\/div>\n\t\t<\/section>\n\t\t\t\t\t<\/div>\n\t\t<\/div>\n\t\t\t\t\t<\/div>\n\t\t<\/section>\n\t\t\t\t<\/div>\n\t\t","protected":false},"excerpt":{"rendered":"<p>TIRANA \u2013 la capitale Tirana fu proclamata capitale dell&#8217;Albania relativamente tardi, nel 1920. Il suo inizio come citt\u00e0 risale al 1614 quando un nobile locale Sulejman Bargjini, costru\u00ec alcune semplici infrastrutture civiche come una moschea e un hammam pubblico. Tuttavia, le scoperte di fortificazioni nella zona centrale della citt\u00e0 e una Villa romana con mosaici [&hellip;]<\/p>\n","protected":false},"author":1,"featured_media":0,"parent":0,"menu_order":0,"comment_status":"closed","ping_status":"closed","template":"elementor_header_footer","meta":{"footnotes":""},"class_list":["post-6743","page","type-page","status-publish","hentry"],"yoast_head":"<!-- This site is optimized with the Yoast SEO plugin v26.3 - https:\/\/yoast.com\/wordpress\/plugins\/seo\/ -->\n<title>Citt\u00e0 ed attrazioni principali in Albania - Fine Travel Albania<\/title>\n<meta name=\"robots\" content=\"index, follow, max-snippet:-1, max-image-preview:large, max-video-preview:-1\" \/>\n<link rel=\"canonical\" href=\"https:\/\/finetravelalbania.com\/major-cities-and-attractions-in-albania\/\" \/>\n<meta property=\"og:locale\" content=\"it_IT\" \/>\n<meta property=\"og:type\" content=\"article\" \/>\n<meta property=\"og:title\" content=\"Citt\u00e0 ed attrazioni principali in Albania - Fine Travel Albania\" \/>\n<meta property=\"og:description\" content=\"TIRANA \u2013 la capitale Tirana fu proclamata capitale dell&#8217;Albania relativamente tardi, nel 1920. Il suo inizio come citt\u00e0 risale al 1614 quando un nobile locale Sulejman Bargjini, costru\u00ec alcune semplici infrastrutture civiche come una moschea e un hammam pubblico. Tuttavia, le scoperte di fortificazioni nella zona centrale della citt\u00e0 e una Villa romana con mosaici [&hellip;]\" \/>\n<meta property=\"og:url\" content=\"https:\/\/finetravelalbania.com\/major-cities-and-attractions-in-albania\/\" \/>\n<meta property=\"og:site_name\" content=\"Fine Travel Albania\" \/>\n<meta property=\"article:modified_time\" content=\"2023-02-19T23:46:47+00:00\" \/>\n<meta property=\"og:image\" content=\"https:\/\/finetravelalbania.com\/wp-content\/uploads\/elementor\/thumbs\/National-History-Museum-Tirana-11-pxlqi6icdsvzvlsdxmmgppv60cxvs88l8qoj2pd1mk.jpg\" \/>\n<meta name=\"twitter:card\" content=\"summary_large_image\" \/>\n<meta name=\"twitter:label1\" content=\"Tempo di lettura stimato\" \/>\n\t<meta name=\"twitter:data1\" content=\"3 minuti\" \/>\n<script type=\"application\/ld+json\" class=\"yoast-schema-graph\">{\"@context\":\"https:\/\/schema.org\",\"@graph\":[{\"@type\":\"WebPage\",\"@id\":\"https:\/\/finetravelalbania.com\/major-cities-and-attractions-in-albania\/\",\"url\":\"https:\/\/finetravelalbania.com\/major-cities-and-attractions-in-albania\/\",\"name\":\"Citt\u00e0 ed attrazioni principali in Albania - Fine Travel Albania\",\"isPartOf\":{\"@id\":\"https:\/\/finetravelalbania.com\/#website\"},\"primaryImageOfPage\":{\"@id\":\"https:\/\/finetravelalbania.com\/major-cities-and-attractions-in-albania\/#primaryimage\"},\"image\":{\"@id\":\"https:\/\/finetravelalbania.com\/major-cities-and-attractions-in-albania\/#primaryimage\"},\"thumbnailUrl\":\"https:\/\/finetravelalbania.com\/wp-content\/uploads\/elementor\/thumbs\/National-History-Museum-Tirana-11-pxlqi6icdsvzvlsdxmmgppv60cxvs88l8qoj2pd1mk.jpg\",\"datePublished\":\"2022-12-17T14:42:30+00:00\",\"dateModified\":\"2023-02-19T23:46:47+00:00\",\"breadcrumb\":{\"@id\":\"https:\/\/finetravelalbania.com\/major-cities-and-attractions-in-albania\/#breadcrumb\"},\"inLanguage\":\"it-IT\",\"potentialAction\":[{\"@type\":\"ReadAction\",\"target\":[\"https:\/\/finetravelalbania.com\/major-cities-and-attractions-in-albania\/\"]}]},{\"@type\":\"ImageObject\",\"inLanguage\":\"it-IT\",\"@id\":\"https:\/\/finetravelalbania.com\/major-cities-and-attractions-in-albania\/#primaryimage\",\"url\":\"https:\/\/finetravelalbania.com\/wp-content\/uploads\/elementor\/thumbs\/National-History-Museum-Tirana-11-pxlqi6icdsvzvlsdxmmgppv60cxvs88l8qoj2pd1mk.jpg\",\"contentUrl\":\"https:\/\/finetravelalbania.com\/wp-content\/uploads\/elementor\/thumbs\/National-History-Museum-Tirana-11-pxlqi6icdsvzvlsdxmmgppv60cxvs88l8qoj2pd1mk.jpg\"},{\"@type\":\"BreadcrumbList\",\"@id\":\"https:\/\/finetravelalbania.com\/major-cities-and-attractions-in-albania\/#breadcrumb\",\"itemListElement\":[{\"@type\":\"ListItem\",\"position\":1,\"name\":\"Home\",\"item\":\"https:\/\/finetravelalbania.com\/it\/\"},{\"@type\":\"ListItem\",\"position\":2,\"name\":\"Citt\u00e0 ed attrazioni principali in Albania\"}]},{\"@type\":\"WebSite\",\"@id\":\"https:\/\/finetravelalbania.com\/#website\",\"url\":\"https:\/\/finetravelalbania.com\/\",\"name\":\"Fine Travel Albania\",\"description\":\"Your Boutique Travel Experts!\",\"publisher\":{\"@id\":\"https:\/\/finetravelalbania.com\/#organization\"},\"potentialAction\":[{\"@type\":\"SearchAction\",\"target\":{\"@type\":\"EntryPoint\",\"urlTemplate\":\"https:\/\/finetravelalbania.com\/?s={search_term_string}\"},\"query-input\":{\"@type\":\"PropertyValueSpecification\",\"valueRequired\":true,\"valueName\":\"search_term_string\"}}],\"inLanguage\":\"it-IT\"},{\"@type\":\"Organization\",\"@id\":\"https:\/\/finetravelalbania.com\/#organization\",\"name\":\"Fine Travel Albania\",\"url\":\"https:\/\/finetravelalbania.com\/\",\"logo\":{\"@type\":\"ImageObject\",\"inLanguage\":\"it-IT\",\"@id\":\"https:\/\/finetravelalbania.com\/#\/schema\/logo\/image\/\",\"url\":\"https:\/\/finetravelalbania.com\/wp-content\/uploads\/2022\/11\/logo-web.png\",\"contentUrl\":\"https:\/\/finetravelalbania.com\/wp-content\/uploads\/2022\/11\/logo-web.png\",\"width\":300,\"height\":243,\"caption\":\"Fine Travel Albania\"},\"image\":{\"@id\":\"https:\/\/finetravelalbania.com\/#\/schema\/logo\/image\/\"}}]}<\/script>\n<!-- \/ Yoast SEO plugin. -->","yoast_head_json":{"title":"Citt\u00e0 ed attrazioni principali in Albania - Fine Travel Albania","robots":{"index":"index","follow":"follow","max-snippet":"max-snippet:-1","max-image-preview":"max-image-preview:large","max-video-preview":"max-video-preview:-1"},"canonical":"https:\/\/finetravelalbania.com\/major-cities-and-attractions-in-albania\/","og_locale":"it_IT","og_type":"article","og_title":"Citt\u00e0 ed attrazioni principali in Albania - Fine Travel Albania","og_description":"TIRANA \u2013 la capitale Tirana fu proclamata capitale dell&#8217;Albania relativamente tardi, nel 1920. Il suo inizio come citt\u00e0 risale al 1614 quando un nobile locale Sulejman Bargjini, costru\u00ec alcune semplici infrastrutture civiche come una moschea e un hammam pubblico. Tuttavia, le scoperte di fortificazioni nella zona centrale della citt\u00e0 e una Villa romana con mosaici [&hellip;]","og_url":"https:\/\/finetravelalbania.com\/major-cities-and-attractions-in-albania\/","og_site_name":"Fine Travel Albania","article_modified_time":"2023-02-19T23:46:47+00:00","og_image":[{"url":"https:\/\/finetravelalbania.com\/wp-content\/uploads\/elementor\/thumbs\/National-History-Museum-Tirana-11-pxlqi6icdsvzvlsdxmmgppv60cxvs88l8qoj2pd1mk.jpg","type":"","width":"","height":""}],"twitter_card":"summary_large_image","twitter_misc":{"Tempo di lettura stimato":"3 minuti"},"schema":{"@context":"https:\/\/schema.org","@graph":[{"@type":"WebPage","@id":"https:\/\/finetravelalbania.com\/major-cities-and-attractions-in-albania\/","url":"https:\/\/finetravelalbania.com\/major-cities-and-attractions-in-albania\/","name":"Citt\u00e0 ed attrazioni principali in Albania - Fine Travel Albania","isPartOf":{"@id":"https:\/\/finetravelalbania.com\/#website"},"primaryImageOfPage":{"@id":"https:\/\/finetravelalbania.com\/major-cities-and-attractions-in-albania\/#primaryimage"},"image":{"@id":"https:\/\/finetravelalbania.com\/major-cities-and-attractions-in-albania\/#primaryimage"},"thumbnailUrl":"https:\/\/finetravelalbania.com\/wp-content\/uploads\/elementor\/thumbs\/National-History-Museum-Tirana-11-pxlqi6icdsvzvlsdxmmgppv60cxvs88l8qoj2pd1mk.jpg","datePublished":"2022-12-17T14:42:30+00:00","dateModified":"2023-02-19T23:46:47+00:00","breadcrumb":{"@id":"https:\/\/finetravelalbania.com\/major-cities-and-attractions-in-albania\/#breadcrumb"},"inLanguage":"it-IT","potentialAction":[{"@type":"ReadAction","target":["https:\/\/finetravelalbania.com\/major-cities-and-attractions-in-albania\/"]}]},{"@type":"ImageObject","inLanguage":"it-IT","@id":"https:\/\/finetravelalbania.com\/major-cities-and-attractions-in-albania\/#primaryimage","url":"https:\/\/finetravelalbania.com\/wp-content\/uploads\/elementor\/thumbs\/National-History-Museum-Tirana-11-pxlqi6icdsvzvlsdxmmgppv60cxvs88l8qoj2pd1mk.jpg","contentUrl":"https:\/\/finetravelalbania.com\/wp-content\/uploads\/elementor\/thumbs\/National-History-Museum-Tirana-11-pxlqi6icdsvzvlsdxmmgppv60cxvs88l8qoj2pd1mk.jpg"},{"@type":"BreadcrumbList","@id":"https:\/\/finetravelalbania.com\/major-cities-and-attractions-in-albania\/#breadcrumb","itemListElement":[{"@type":"ListItem","position":1,"name":"Home","item":"https:\/\/finetravelalbania.com\/it\/"},{"@type":"ListItem","position":2,"name":"Citt\u00e0 ed attrazioni principali in Albania"}]},{"@type":"WebSite","@id":"https:\/\/finetravelalbania.com\/#website","url":"https:\/\/finetravelalbania.com\/","name":"Fine Travel Albania","description":"Your Boutique Travel Experts!","publisher":{"@id":"https:\/\/finetravelalbania.com\/#organization"},"potentialAction":[{"@type":"SearchAction","target":{"@type":"EntryPoint","urlTemplate":"https:\/\/finetravelalbania.com\/?s={search_term_string}"},"query-input":{"@type":"PropertyValueSpecification","valueRequired":true,"valueName":"search_term_string"}}],"inLanguage":"it-IT"},{"@type":"Organization","@id":"https:\/\/finetravelalbania.com\/#organization","name":"Fine Travel Albania","url":"https:\/\/finetravelalbania.com\/","logo":{"@type":"ImageObject","inLanguage":"it-IT","@id":"https:\/\/finetravelalbania.com\/#\/schema\/logo\/image\/","url":"https:\/\/finetravelalbania.com\/wp-content\/uploads\/2022\/11\/logo-web.png","contentUrl":"https:\/\/finetravelalbania.com\/wp-content\/uploads\/2022\/11\/logo-web.png","width":300,"height":243,"caption":"Fine Travel Albania"},"image":{"@id":"https:\/\/finetravelalbania.com\/#\/schema\/logo\/image\/"}}]}},"_links":{"self":[{"href":"https:\/\/finetravelalbania.com\/it\/wp-json\/wp\/v2\/pages\/6743","targetHints":{"allow":["GET"]}}],"collection":[{"href":"https:\/\/finetravelalbania.com\/it\/wp-json\/wp\/v2\/pages"}],"about":[{"href":"https:\/\/finetravelalbania.com\/it\/wp-json\/wp\/v2\/types\/page"}],"author":[{"embeddable":true,"href":"https:\/\/finetravelalbania.com\/it\/wp-json\/wp\/v2\/users\/1"}],"replies":[{"embeddable":true,"href":"https:\/\/finetravelalbania.com\/it\/wp-json\/wp\/v2\/comments?post=6743"}],"version-history":[{"count":12,"href":"https:\/\/finetravelalbania.com\/it\/wp-json\/wp\/v2\/pages\/6743\/revisions"}],"predecessor-version":[{"id":7000,"href":"https:\/\/finetravelalbania.com\/it\/wp-json\/wp\/v2\/pages\/6743\/revisions\/7000"}],"wp:attachment":[{"href":"https:\/\/finetravelalbania.com\/it\/wp-json\/wp\/v2\/media?parent=6743"}],"curies":[{"name":"wp","href":"https:\/\/api.w.org\/{rel}","templated":true}]}}